{"id":1844,"date":"2017-08-23T14:52:34","date_gmt":"2017-08-23T14:52:34","guid":{"rendered":"http:\/\/torredebrinas.com\/around-us\/"},"modified":"2021-08-30T12:00:36","modified_gmt":"2021-08-30T10:00:36","slug":"alrededor","status":"publish","type":"page","link":"https:\/\/torredebrinas.com\/es\/alrededor\/","title":{"rendered":"Alrededor de nosotros"},"content":{"rendered":"<p>[vc_row full_width=\u00bbstretch_row_content_no_spaces\u00bb css=\u00bb.vc_custom_1594904106915{background-image: url(https:\/\/torredebrinas.com\/wp-content\/uploads\/2020\/07\/travel-2650303_1920-1.jpg?id=1693) !important;background-position: center !important;background-repeat: no-repeat !important;background-size: cover !important;}\u00bb el_class=\u00bbnd_options_overflow_visible_important\u00bb][vc_column][vc_row_inner css=\u00bb.vc_custom_1486118361106{padding-top: 100px !important;padding-bottom: 100px !important;}\u00bb el_class=\u00bbnd_options_bg_greydark_alpha_gradient_3&#8243;][vc_column_inner width=\u00bb1\/3&#8243;][\/vc_column_inner][vc_column_inner width=\u00bb1\/3&#8243; css=\u00bb.vc_custom_1486118458781{padding: 20px !important;}\u00bb] <h1 style=\"color:#ffffff;padding:px;text-align:center;font-size:55px;line-height:55px;letter-spacing: px;font-weight:normal\" class=\"  nd_options_font_size_40_important_all_iphone nd_options_line_height_40_important_all_iphone nd_options_first_font \">ALREDEDOR DE NOSOTROS<\/h1> <div style=\"background-color:;height: 20px\" class=\"nicdark_section  \"><\/div> <p style=\"color:#ffffff;padding:px;text-align:center;font-size:px;line-height:px;letter-spacing: 2px;font-weight:lighter\" class=\"   nd_options_second_font \">ENCUENTRA LO QUE NECESITAS ALREDEDOR DE TORRE DE BRI\u00d1AS<\/p> <div style=\"background-color:;height: 40px\" class=\"nicdark_section  \"><\/div>[\/vc_column_inner][vc_column_inner width=\u00bb1\/3&#8243;][\/vc_column_inner][\/vc_row_inner][\/vc_column][\/vc_row][vc_row][vc_column][vc_column_text]La villa de Bri\u00f1as abrazada por el rio Ebro y al abrigo de la sierra de Cantabria, es sin duda uno de los pueblos mas bonitos de la Rioja Alta. Su gentilicio es briguense.<\/p>\n<p>Su casco hist\u00f3rico esta salpicado de solidas casonas construidas enlos siglos XVII y XVIII y lucen con orgullo sus escudos her\u00e1ldicos.<\/p>\n<p>Hist\u00f3ricamente Bri\u00f1as ha estado unida a su vecina Haro, hasta que finalmente en 1632 se separo definitivamente de la villa jarrera y se constituyo como pueblo independiente. Pero al igual que Haro , la vida de los habitantes de Bri\u00f1as ha girado alrededor de la producci\u00f3n del vino.<\/p>\n<p>Los diferentes conflictos b\u00e9licos que han sacudido al norte peninsular durante los \u00faltimos siglos, como la guerra de la Independencia y las Guerras Carlistas, tambi\u00e9n dejaron su huella en Bri\u00f1as.<\/p>\n<p>Llegando a Haro se encuentra el puente de Bri\u00f1as, construido en el Siglo XIII y reparado en el Siglo XV. En la orilla de este ocultado por la maleza, se encuentra un cenotafio que recuerda a los siete voluntarios liberales que murieron haciendo frente a los carlistas del 13 de marzo de 1834.[\/vc_column_text]<div style=\"background-color:;height: px\" class=\"nicdark_section  \"><\/div>[\/vc_column][\/vc_row][vc_row][vc_column width=\u00bb1\/3&#8243;]\n    <div style=\"text-align:\" class=\"nd_options_section\">\n      <img alt=\"\" style=\"width:100%\" class=\" nd_options_margin_0 nd_options_padding_0 \" src=\"https:\/\/torredebrinas.com\/wp-content\/uploads\/2017\/08\/Haro-1024x676.png\">\n    <\/div>\n   <div style=\"background-color:;height: 10px\" class=\"nicdark_section  \"><\/div>[vc_column_text]<\/p>\n<h3 style=\"text-align: left;\">DESCUBRA HARO<\/h3>\n<p>[\/vc_column_text]\n    <div class=\"nd_options_section nd_options_line_height_0  nd_options_text_align_left \">\n        <span style=\"height:2px;width:30px;background-color:#4f4f4f\" class=\"nd_options_display_inline_block\"><\/span>\n    <\/div>\n   [vc_column_text]Si eres un amante del vino, no te puedes perder Haro, capital del vino de La Rioja. Esta regi\u00f3n vin\u00edcola cuenta con m\u00e1s de 500 bodegas.[\/vc_column_text][\/vc_column][vc_column width=\u00bb1\/3&#8243;]\n    <div style=\"text-align:\" class=\"nd_options_section\">\n      <img alt=\"\" style=\"width:100%\" class=\" nd_options_margin_0 nd_options_padding_0 \" src=\"https:\/\/torredebrinas.com\/wp-content\/uploads\/2020\/07\/purple-grapes-553463_1920-1024x683.jpg\">\n    <\/div>\n   <div style=\"background-color:;height: 10px\" class=\"nicdark_section  \"><\/div>[vc_column_text]<\/p>\n<h3 style=\"text-align: left;\">VI\u00d1EDOS EN LA RIOJA<\/h3>\n<p>[\/vc_column_text]\n    <div class=\"nd_options_section nd_options_line_height_0  nd_options_text_align_left \">\n        <span style=\"height:2px;width:30px;background-color:#4f4f4f\" class=\"nd_options_display_inline_block\"><\/span>\n    <\/div>\n   [vc_column_text]La Rioja es una zona del norte de Espa\u00f1a rodeada de vi\u00f1edos. La regi\u00f3n ofrece una amplia variedad de vinos con caracter\u00edsticas y sabores distintos. \u00a1La tierra, el vi\u00f1edo, la uva, la bodega, etc., juegan un papel en el producto final![\/vc_column_text][\/vc_column][vc_column width=\u00bb1\/3&#8243;]\n    <div style=\"text-align:\" class=\"nd_options_section\">\n      <img alt=\"\" style=\"width:100%\" class=\" nd_options_margin_0 nd_options_padding_0 \" src=\"https:\/\/torredebrinas.com\/wp-content\/uploads\/2017\/08\/cathedral-Santo-Domingo-de-la-Calzada.png\">\n    <\/div>\n   <div style=\"background-color:;height: 10px\" class=\"nicdark_section  \"><\/div>[vc_column_text]<\/p>\n<h3 style=\"text-align: left;\">CATEDRAL DE SANTO DOMINGO<\/h3>\n<p>[\/vc_column_text]\n    <div class=\"nd_options_section nd_options_line_height_0  nd_options_text_align_left \">\n        <span style=\"height:2px;width:30px;background-color:#4f4f4f\" class=\"nd_options_display_inline_block\"><\/span>\n    <\/div>\n   [vc_column_text]Sus or\u00edgenes remontan a 1158, pero en los siglos XIV y XVI sufri\u00f3 diversas modificaciones. La catedral es un estupendo modelo de arquitectura protog\u00f3tica, organizada como una t\u00edpica iglesia de peregrinos. En su interior, lo que m\u00e1s llama su atenci\u00f3n, es el gallinero en el que viven un gallo y una gallina en recuerdo del milagro del peregrino ahorcado.[\/vc_column_text][\/vc_column][\/vc_row][vc_row][vc_column width=\u00bb1\/3&#8243;]\n    <div style=\"text-align:\" class=\"nd_options_section\">\n      <img alt=\"\" style=\"width:100%\" class=\" nd_options_margin_0 nd_options_padding_0 \" src=\"https:\/\/torredebrinas.com\/wp-content\/uploads\/2021\/08\/bike-torredebrinas-1-1024x688.jpg\">\n    <\/div>\n   <div style=\"background-color:;height: 10px\" class=\"nicdark_section  \"><\/div>[vc_column_text]<\/p>\n<h3 class=\"p1\">CICLISMO<\/h3>\n<p>[\/vc_column_text]\n    <div class=\"nd_options_section nd_options_line_height_0  nd_options_text_align_left \">\n        <span style=\"height:2px;width:30px;background-color:#4f4f4f\" class=\"nd_options_display_inline_block\"><\/span>\n    <\/div>\n   [vc_column_text]<\/p>\n<p class=\"p1\">\u00bfLe gusta el ciclismo? Encontrar\u00e1 magn\u00edficos senderos por los vi\u00f1edos o incluso por las monta\u00f1as. Dependiendo de su nivel y duraci\u00f3n, podemos ayudarle a encontrar el sendero que le convenga.<\/p>\n<p>[\/vc_column_text][\/vc_column][vc_column width=\u00bb1\/3&#8243;]\n    <div style=\"text-align:\" class=\"nd_options_section\">\n      <img alt=\"\" style=\"width:100%\" class=\" nd_options_margin_0 nd_options_padding_0 \" src=\"https:\/\/torredebrinas.com\/wp-content\/uploads\/2020\/07\/unnamed-file-1024x665.jpg\">\n    <\/div>\n   <div style=\"background-color:;height: 10px\" class=\"nicdark_section  \"><\/div>[vc_column_text]<\/p>\n<h3 class=\"p1\"><b>MONASTERIO DE SAN MILL\u00c1N<\/b><\/h3>\n<p>[\/vc_column_text]\n    <div class=\"nd_options_section nd_options_line_height_0  nd_options_text_align_left \">\n        <span style=\"height:2px;width:30px;background-color:#4f4f4f\" class=\"nd_options_display_inline_block\"><\/span>\n    <\/div>\n   [vc_column_text]<\/p>\n<p class=\"text-destacado\">La biblioteca de Yuso es una de las m\u00e1s importantes de Espa\u00f1a, no solo por la cantidad de documentos que contiene, sino tambi\u00e9n por su antig\u00fcedad y valor. Designado Patrimonio de la Humanidad el 4 de diciembre de 1997. La iglesia tiene tres naves y data del siglo XVI. En el interior hay columnas corintias y pinturas de Juan Rizzi<\/p>\n<p>[\/vc_column_text][\/vc_column][vc_column width=\u00bb1\/3&#8243;]\n    <div style=\"text-align:\" class=\"nd_options_section\">\n      <img alt=\"\" style=\"width:100%\" class=\" nd_options_margin_0 nd_options_padding_0 \" src=\"https:\/\/torredebrinas.com\/wp-content\/uploads\/2020\/07\/green-leafed-trees-during-fog-time-167684-2-1024x660.jpg\">\n    <\/div>\n   <div style=\"background-color:;height: 10px\" class=\"nicdark_section  \"><\/div>[vc_column_text]<\/p>\n<h3 style=\"text-align: left;\">R\u00cdOS Y VALLES EN LA RIOJA<\/h3>\n<p>[\/vc_column_text]\n    <div class=\"nd_options_section nd_options_line_height_0  nd_options_text_align_left \">\n        <span style=\"height:2px;width:30px;background-color:#4f4f4f\" class=\"nd_options_display_inline_block\"><\/span>\n    <\/div>\n   [vc_column_text]El importante valor biol\u00f3gico, paisaj\u00edstico y cultural de estos valles altos de La Rioja hizo que la UNESCO lo declarara Reserva de la Biosfera Mundial.<\/p>\n<p>Descubre los valles de los r\u00edos Leza, Jubera, Cidacos y Alhama[\/vc_column_text][\/vc_column][\/vc_row][vc_row][vc_column width=\u00bb1\/3&#8243;]\n    <div style=\"text-align:\" class=\"nd_options_section\">\n      <img alt=\"\" style=\"width:100%\" class=\" nd_options_margin_0 nd_options_padding_0 \" src=\"https:\/\/torredebrinas.com\/wp-content\/uploads\/2020\/07\/sajazarra.png\">\n    <\/div>\n   <div style=\"background-color:;height: 10px\" class=\"nicdark_section  \"><\/div>[vc_column_text]<\/p>\n<h3 class=\"p1\"><b>SAJAZARRA<\/b><\/h3>\n<p>[\/vc_column_text]\n    <div class=\"nd_options_section nd_options_line_height_0  nd_options_text_align_left \">\n        <span style=\"height:2px;width:30px;background-color:#4f4f4f\" class=\"nd_options_display_inline_block\"><\/span>\n    <\/div>\n   [vc_column_text]<\/p>\n<p class=\"p1\">Este pueblo es un conjunto hist\u00f3rico y art\u00edstico fortificado con arcos ojivales en sus paredes. El impresionante castillo del siglo XIV es uno de los mejor renovados de La Rioja. La Iglesia de La Asunci\u00f3n, de los siglos XII y XIII, tiene diferentes estilos y est\u00e1 al lado del castillo. Su interior guarda una imagen de la Virgen de la Antigua.<\/p>\n<p>[\/vc_column_text][\/vc_column][vc_column width=\u00bb1\/3&#8243;]\n    <div style=\"text-align:\" class=\"nd_options_section\">\n      <img alt=\"\" style=\"width:100%\" class=\" nd_options_margin_0 nd_options_padding_0 \" src=\"https:\/\/torredebrinas.com\/wp-content\/uploads\/2020\/07\/laguardia-1024x683.jpg\">\n    <\/div>\n   <div style=\"background-color:;height: 10px\" class=\"nicdark_section  \"><\/div>[vc_column_text]<\/p>\n<h3 class=\"p1\">PUEBLO MEDIEVAL LAGUARDIA<\/h3>\n<p>[\/vc_column_text]\n    <div class=\"nd_options_section nd_options_line_height_0  nd_options_text_align_left \">\n        <span style=\"height:2px;width:30px;background-color:#4f4f4f\" class=\"nd_options_display_inline_block\"><\/span>\n    <\/div>\n   [vc_column_text]<\/p>\n<p class=\"p1\">Esta ciudad medieval fue fundada en el siglo X como defensa del Reino de Navarra. Las calles de Laguardia est\u00e1n llenas de espl\u00e9ndidos edificios medievales, renacentistas, barrocos y neocl\u00e1sicos. Los restos sobrevivientes de sus muros te llevar\u00e1n al pasado.<\/p>\n<p>[\/vc_column_text][\/vc_column][vc_column width=\u00bb1\/3&#8243;]\n    <div style=\"text-align:\" class=\"nd_options_section\">\n      <img alt=\"\" style=\"width:100%\" class=\" nd_options_margin_0 nd_options_padding_0 \" src=\"https:\/\/torredebrinas.com\/wp-content\/uploads\/2020\/07\/market.jpg\">\n    <\/div>\n   <div style=\"background-color:;height: 10px\" class=\"nicdark_section  \"><\/div>[vc_column_text]<\/p>\n<h3><\/h3>\n<h3 class=\"p1\"><b>MERCADO DE SAN BLAS<\/b><\/h3>\n<p>[\/vc_column_text]\n    <div class=\"nd_options_section nd_options_line_height_0  nd_options_text_align_left \">\n        <span style=\"height:2px;width:30px;background-color:#4f4f4f\" class=\"nd_options_display_inline_block\"><\/span>\n    <\/div>\n   [vc_column_text]El mercado de San Blas es un hermoso mercado ubicado en la parte vieja de la ciudad de Logro\u00f1o, capital de la comunidad aut\u00f3noma de La Rioja. Fue inaugurado en 1930, obra del prestigioso arquitecto Ferm\u00edn \u00c1lamo de Logro\u00f1o.[\/vc_column_text][\/vc_column][\/vc_row][vc_row][vc_column width=\u00bb1\/3&#8243;]\n    <div style=\"text-align:\" class=\"nd_options_section\">\n      <img alt=\"\" style=\"width:100%\" class=\" nd_options_margin_0 nd_options_padding_0 \" src=\"https:\/\/torredebrinas.com\/wp-content\/uploads\/2020\/07\/freerider-498473_1920-1024x662.jpg\">\n    <\/div>\n   <div style=\"background-color:;height: 10px\" class=\"nicdark_section  \"><\/div>[vc_column_text]<\/p>\n<h3 class=\"p1\">ESTACI\u00d3N DE ESQU\u00cd DE VALDEZCARAY<\/h3>\n<p>[\/vc_column_text]\n    <div class=\"nd_options_section nd_options_line_height_0  nd_options_text_align_left \">\n        <span style=\"height:2px;width:30px;background-color:#4f4f4f\" class=\"nd_options_display_inline_block\"><\/span>\n    <\/div>\n   [vc_column_text]<\/p>\n<p class=\"p1\">Ubicada al pie del pico m\u00e1s alto de Castilla, \u00abSan Lorenzo\u00bb, que proyecta su sombra sobre la ciudad de Ezcaray, te permite disfrutar, adem\u00e1s del esqu\u00ed, de la caza, pesca, monta\u00f1ismo, tenis, nataci\u00f3n, equitaci\u00f3n, etc. Este para\u00edso natural. Tiene un \u00e1rea de 18.000 hect\u00e1reas de monta\u00f1as con bosques de pinos, hayas y robles.<\/p>\n<p>[\/vc_column_text][\/vc_column][vc_column width=\u00bb1\/3&#8243;]\n    <div style=\"text-align:\" class=\"nd_options_section\">\n      <img alt=\"\" style=\"width:100%\" class=\" nd_options_margin_0 nd_options_padding_0 \" src=\"https:\/\/torredebrinas.com\/wp-content\/uploads\/2021\/08\/cheminee.jpg\">\n    <\/div>\n   <div style=\"background-color:;height: 10px\" class=\"nicdark_section  \"><\/div>[vc_column_text]<\/p>\n<h3 class=\"p1\"><b>CHIMENEAS DE LAS BODEGAS<\/b><\/h3>\n<p>[\/vc_column_text]\n    <div class=\"nd_options_section nd_options_line_height_0  nd_options_text_align_left \">\n        <span style=\"height:2px;width:30px;background-color:#4f4f4f\" class=\"nd_options_display_inline_block\"><\/span>\n    <\/div>\n   [vc_column_text]<\/p>\n<p class=\"p1\">Sobre el antiguo barrio de las bodegas sobresalen las chimeneas que se utilizan para ventilar las bodegas y expulsar el gas carbonico que se forma por la fermentacion de las uvas.<\/p>\n<p>[\/vc_column_text][\/vc_column][vc_column width=\u00bb1\/3&#8243;]\n    <div style=\"text-align:\" class=\"nd_options_section\">\n      <img alt=\"\" style=\"width:100%\" class=\" nd_options_margin_0 nd_options_padding_0 \" src=\"https:\/\/torredebrinas.com\/wp-content\/uploads\/2021\/08\/hot-air-balloon-1024x662.jpg\">\n    <\/div>\n   <div style=\"background-color:;height: 10px\" class=\"nicdark_section  \"><\/div>[vc_column_text]<\/p>\n<h3 class=\"p1\"><b>VIAJE EN GLOBO<\/b><\/h3>\n<p>[\/vc_column_text]\n    <div class=\"nd_options_section nd_options_line_height_0  nd_options_text_align_left \">\n        <span style=\"height:2px;width:30px;background-color:#4f4f4f\" class=\"nd_options_display_inline_block\"><\/span>\n    <\/div>\n   [vc_column_text]\u00bfSab\u00eda que puede reservar un paseo en globo aerost\u00e1tico con almuerzo desde nuestro hotel durante su estancia? Admirar los vi\u00f1edos y el hermoso paisaje monta\u00f1oso.[\/vc_column_text][\/vc_column][\/vc_row][vc_row][vc_column][\/vc_column][\/vc_row][vc_row full_width=\u00bbstretch_row_content_no_spaces\u00bb css_animation=\u00bbzoomIn\u00bb css=\u00bb.vc_custom_1594907396011{background-image: url(https:\/\/torredebrinas.com\/wp-content\/uploads\/2020\/07\/vue-aerienne-TB.png?id=1562) !important;background-position: center !important;background-repeat: no-repeat !important;background-size: cover !important;}\u00bb el_class=\u00bbnd_options_overflow_visible_important\u00bb][vc_column][vc_row_inner css=\u00bb.vc_custom_1486118361106{padding-top: 100px !important;padding-bottom: 100px !important;}\u00bb el_class=\u00bbnd_options_bg_greydark_alpha_gradient_3&#8243;][vc_column_inner width=\u00bb1\/3&#8243;][\/vc_column_inner][vc_column_inner width=\u00bb1\/3&#8243; css=\u00bb.vc_custom_1486118458781{padding: 20px !important;}\u00bb] <h1 style=\"color:#ffffff;padding:px;text-align:center;font-size:55px;line-height:70px;letter-spacing: px;font-weight:normal\" class=\"  nd_options_font_size_40_important_all_iphone nd_options_line_height_40_important_all_iphone nd_options_first_font \">\u00a1SIEMPRE ALGO QUE HACER EN LA RIOJA!<\/h1> [\/vc_column_inner][vc_column_inner width=\u00bb1\/3&#8243;][\/vc_column_inner][\/vc_row_inner][\/vc_column][\/vc_row]<\/p>\n","protected":false},"excerpt":{"rendered":"<p>[vc_row full_width=\u00bbstretch_row_content_no_spaces\u00bb css=\u00bb.vc_custom_1594904106915{background-image: url(https:\/\/torredebrinas.com\/wp-content\/uploads\/2020\/07\/travel-2650303_1920-1.jpg?id=1693) !important;background-position: center !important;background-repeat: no-repeat !important;background-size: cover !important;}\u00bb el_class=\u00bbnd_options_overflow_visible_important\u00bb][vc_column][vc_row_inner css=\u00bb.vc_custom_1486118361106{padding-top: 100px !important;padding-bottom: 100px !important;}\u00bb el_class=\u00bbnd_options_bg_greydark_alpha_gradient_3&#8243;][vc_column_inner width=\u00bb1\/3&#8243;][\/vc_column_inner][vc_column_inner width=\u00bb1\/3&#8243; css=\u00bb.vc_custom_1486118458781{padding: 20px !important;}\u00bb][\/vc_column_inner][vc_column_inner width=\u00bb1\/3&#8243;][\/vc_column_inner][\/vc_row_inner][\/vc_column][\/vc_row][vc_row][vc_column][vc_column_text]La villa de Bri\u00f1as abrazada por el rio Ebro y al abrigo de la sierra de Cantabria, es sin duda uno de los pueblos mas bonitos de la Rioja Alta. Su gentilicio [&hellip;]<\/p>\n","protected":false},"author":1,"featured_media":1554,"parent":0,"menu_order":0,"comment_status":"closed","ping_status":"closed","template":"","meta":[],"yoast_head":"<!-- This site is optimized with the Yoast SEO plugin v21.1 - https:\/\/yoast.com\/wordpress\/plugins\/seo\/ -->\n<title>Alrededor de nosotros - Finca Torre de Bri\u00f1as<\/title>\n<meta name=\"description\" content=\"Alrededor de la Finca Torre de Bri\u00f1as, hay muchas actividades y sitios tur\u00edsticos. La Rioja tambi\u00e9n es conocida por sus vi\u00f1edos.\" \/>\n<meta name=\"robots\" content=\"index, follow, max-snippet:-1, max-image-preview:large, max-video-preview:-1\" \/>\n<link rel=\"canonical\" href=\"https:\/\/torredebrinas.com\/es\/alrededor\/\" \/>\n<meta property=\"og:locale\" content=\"es_ES\" \/>\n<meta property=\"og:type\" content=\"article\" \/>\n<meta property=\"og:title\" content=\"Alrededor de nosotros - Finca Torre de Bri\u00f1as\" \/>\n<meta property=\"og:description\" content=\"Alrededor de la Finca Torre de Bri\u00f1as, hay muchas actividades y sitios tur\u00edsticos. La Rioja tambi\u00e9n es conocida por sus vi\u00f1edos.\" \/>\n<meta property=\"og:url\" content=\"https:\/\/torredebrinas.com\/es\/alrededor\/\" \/>\n<meta property=\"og:site_name\" content=\"Finca Torre de Bri\u00f1as\" \/>\n<meta property=\"article:modified_time\" content=\"2021-08-30T10:00:36+00:00\" \/>\n<meta property=\"og:image\" content=\"https:\/\/torredebrinas.com\/wp-content\/uploads\/2020\/07\/pocket-watch-1637396_1920.jpg\" \/>\n\t<meta property=\"og:image:width\" content=\"1920\" \/>\n\t<meta property=\"og:image:height\" content=\"655\" \/>\n\t<meta property=\"og:image:type\" content=\"image\/jpeg\" \/>\n<meta name=\"twitter:card\" content=\"summary_large_image\" \/>\n<meta name=\"twitter:label1\" content=\"Tiempo de lectura\" \/>\n\t<meta name=\"twitter:data1\" content=\"9 minutos\" \/>\n<script type=\"application\/ld+json\" class=\"yoast-schema-graph\">{\"@context\":\"https:\/\/schema.org\",\"@graph\":[{\"@type\":\"WebPage\",\"@id\":\"https:\/\/torredebrinas.com\/es\/alrededor\/\",\"url\":\"https:\/\/torredebrinas.com\/es\/alrededor\/\",\"name\":\"Alrededor de nosotros - Finca Torre de Bri\u00f1as\",\"isPartOf\":{\"@id\":\"https:\/\/torredebrinas.com\/#website\"},\"datePublished\":\"2017-08-23T14:52:34+00:00\",\"dateModified\":\"2021-08-30T10:00:36+00:00\",\"description\":\"Alrededor de la Finca Torre de Bri\u00f1as, hay muchas actividades y sitios tur\u00edsticos. La Rioja tambi\u00e9n es conocida por sus vi\u00f1edos.\",\"breadcrumb\":{\"@id\":\"https:\/\/torredebrinas.com\/es\/alrededor\/#breadcrumb\"},\"inLanguage\":\"es\",\"potentialAction\":[{\"@type\":\"ReadAction\",\"target\":[\"https:\/\/torredebrinas.com\/es\/alrededor\/\"]}]},{\"@type\":\"BreadcrumbList\",\"@id\":\"https:\/\/torredebrinas.com\/es\/alrededor\/#breadcrumb\",\"itemListElement\":[{\"@type\":\"ListItem\",\"position\":1,\"name\":\"Home\",\"item\":\"https:\/\/torredebrinas.com\/\"},{\"@type\":\"ListItem\",\"position\":2,\"name\":\"Alrededor de nosotros\"}]},{\"@type\":\"WebSite\",\"@id\":\"https:\/\/torredebrinas.com\/#website\",\"url\":\"https:\/\/torredebrinas.com\/\",\"name\":\"Finca Torre de Bri\u00f1as\",\"description\":\"Holidays in La Rioja\",\"potentialAction\":[{\"@type\":\"SearchAction\",\"target\":{\"@type\":\"EntryPoint\",\"urlTemplate\":\"https:\/\/torredebrinas.com\/?s={search_term_string}\"},\"query-input\":\"required name=search_term_string\"}],\"inLanguage\":\"es\"}]}<\/script>\n<!-- \/ Yoast SEO plugin. -->","yoast_head_json":{"title":"Alrededor de nosotros - Finca Torre de Bri\u00f1as","description":"Alrededor de la Finca Torre de Bri\u00f1as, hay muchas actividades y sitios tur\u00edsticos. La Rioja tambi\u00e9n es conocida por sus vi\u00f1edos.","robots":{"index":"index","follow":"follow","max-snippet":"max-snippet:-1","max-image-preview":"max-image-preview:large","max-video-preview":"max-video-preview:-1"},"canonical":"https:\/\/torredebrinas.com\/es\/alrededor\/","og_locale":"es_ES","og_type":"article","og_title":"Alrededor de nosotros - Finca Torre de Bri\u00f1as","og_description":"Alrededor de la Finca Torre de Bri\u00f1as, hay muchas actividades y sitios tur\u00edsticos. La Rioja tambi\u00e9n es conocida por sus vi\u00f1edos.","og_url":"https:\/\/torredebrinas.com\/es\/alrededor\/","og_site_name":"Finca Torre de Bri\u00f1as","article_modified_time":"2021-08-30T10:00:36+00:00","og_image":[{"width":1920,"height":655,"url":"https:\/\/torredebrinas.com\/wp-content\/uploads\/2020\/07\/pocket-watch-1637396_1920.jpg","type":"image\/jpeg"}],"twitter_card":"summary_large_image","twitter_misc":{"Tiempo de lectura":"9 minutos"},"schema":{"@context":"https:\/\/schema.org","@graph":[{"@type":"WebPage","@id":"https:\/\/torredebrinas.com\/es\/alrededor\/","url":"https:\/\/torredebrinas.com\/es\/alrededor\/","name":"Alrededor de nosotros - Finca Torre de Bri\u00f1as","isPartOf":{"@id":"https:\/\/torredebrinas.com\/#website"},"datePublished":"2017-08-23T14:52:34+00:00","dateModified":"2021-08-30T10:00:36+00:00","description":"Alrededor de la Finca Torre de Bri\u00f1as, hay muchas actividades y sitios tur\u00edsticos. La Rioja tambi\u00e9n es conocida por sus vi\u00f1edos.","breadcrumb":{"@id":"https:\/\/torredebrinas.com\/es\/alrededor\/#breadcrumb"},"inLanguage":"es","potentialAction":[{"@type":"ReadAction","target":["https:\/\/torredebrinas.com\/es\/alrededor\/"]}]},{"@type":"BreadcrumbList","@id":"https:\/\/torredebrinas.com\/es\/alrededor\/#breadcrumb","itemListElement":[{"@type":"ListItem","position":1,"name":"Home","item":"https:\/\/torredebrinas.com\/"},{"@type":"ListItem","position":2,"name":"Alrededor de nosotros"}]},{"@type":"WebSite","@id":"https:\/\/torredebrinas.com\/#website","url":"https:\/\/torredebrinas.com\/","name":"Finca Torre de Bri\u00f1as","description":"Holidays in La Rioja","potentialAction":[{"@type":"SearchAction","target":{"@type":"EntryPoint","urlTemplate":"https:\/\/torredebrinas.com\/?s={search_term_string}"},"query-input":"required name=search_term_string"}],"inLanguage":"es"}]}},"_links":{"self":[{"href":"https:\/\/torredebrinas.com\/es\/wp-json\/wp\/v2\/pages\/1844"}],"collection":[{"href":"https:\/\/torredebrinas.com\/es\/wp-json\/wp\/v2\/pages"}],"about":[{"href":"https:\/\/torredebrinas.com\/es\/wp-json\/wp\/v2\/types\/page"}],"author":[{"embeddable":true,"href":"https:\/\/torredebrinas.com\/es\/wp-json\/wp\/v2\/users\/1"}],"replies":[{"embeddable":true,"href":"https:\/\/torredebrinas.com\/es\/wp-json\/wp\/v2\/comments?post=1844"}],"version-history":[{"count":12,"href":"https:\/\/torredebrinas.com\/es\/wp-json\/wp\/v2\/pages\/1844\/revisions"}],"predecessor-version":[{"id":2370,"href":"https:\/\/torredebrinas.com\/es\/wp-json\/wp\/v2\/pages\/1844\/revisions\/2370"}],"wp:featuredmedia":[{"embeddable":true,"href":"https:\/\/torredebrinas.com\/es\/wp-json\/wp\/v2\/media\/1554"}],"wp:attachment":[{"href":"https:\/\/torredebrinas.com\/es\/wp-json\/wp\/v2\/media?parent=1844"}],"curies":[{"name":"wp","href":"https:\/\/api.w.org\/{rel}","templated":true}]}}